{"id":11943,"date":"2019-12-16T19:37:16","date_gmt":"2019-12-16T17:37:16","guid":{"rendered":"http:\/\/alexandra-s.com\/?page_id=11943"},"modified":"2020-05-06T21:19:48","modified_gmt":"2020-05-06T19:19:48","slug":"artistii-galeriei","status":"publish","type":"page","link":"https:\/\/alexandra-s.com\/en\/artistii-galeriei\/","title":{"rendered":"Gallery artists"},"content":{"rendered":"<p>[et_pb_section fb_built=&#8221;1&#8243; _builder_version=&#8221;3.22.4&#8243; use_background_color_gradient=&#8221;on&#8221; background_color_gradient_start=&#8221;rgba(29,41,48,0.6)&#8221; background_color_gradient_end=&#8221;rgba(29,41,48,0.6)&#8221; background_color_gradient_overlays_image=&#8221;on&#8221; background_image=&#8221;https:\/\/alexandra-s.com\/wp-content\/uploads\/2019\/02\/art-1478831_1920-1.jpg&#8221;][et_pb_row module_id=&#8221;head-page&#8221; _builder_version=&#8221;3.25&#8243; background_size=&#8221;initial&#8221; background_position=&#8221;top_left&#8221; background_repeat=&#8221;repeat&#8221; custom_padding=&#8221;100px|0px|60px|0px|false|false&#8221;][et_pb_column type=&#8221;4_4&#8243; _builder_version=&#8221;3.25&#8243; custom_padding=&#8221;|||&#8221; custom_padding__hover=&#8221;|||&#8221;][et_pb_text _builder_version=&#8221;4.4.5&#8243; text_text_color=&#8221;#ffffff&#8221; header_font=&#8221;|||on|||||&#8221; header_text_align=&#8221;center&#8221; header_text_color=&#8221;#ffffff&#8221; header_font_size=&#8221;42px&#8221; header_letter_spacing=&#8221;13px&#8221; text_orientation=&#8221;center&#8221; hover_enabled=&#8221;0&#8243;]<\/p>\n<h1>Gallery artists<\/h1>\n<p><a class=\"anchor\" href=\"#pictori\">discover<\/a><\/p>\n<p>[\/et_pb_text][\/et_pb_column][\/et_pb_row][\/et_pb_section][et_pb_section fb_built=&#8221;1&#8243; disabled_on=&#8221;off|off|off&#8221; _builder_version=&#8221;3.22.4&#8243; custom_margin=&#8221;0px||0px|&#8221; custom_padding=&#8221;0px||0px|&#8221;][et_pb_row _builder_version=&#8221;3.25&#8243; background_size=&#8221;initial&#8221; background_position=&#8221;top_left&#8221; background_repeat=&#8221;repeat&#8221; custom_padding=&#8221;100px|0px|100px|0px&#8221;][et_pb_column type=&#8221;4_4&#8243; _builder_version=&#8221;3.25&#8243; custom_padding=&#8221;|||&#8221; custom_padding__hover=&#8221;|||&#8221;][et_pb_text disabled_on=&#8221;on|on|on&#8221; _builder_version=&#8221;3.29.3&#8243; text_line_height=&#8221;2.7em&#8221; header_3_text_color=&#8221;#720521&#8243; header_3_font_size=&#8221;30px&#8221; header_3_line_height=&#8221;2.5em&#8221; text_orientation=&#8221;center&#8221; max_width=&#8221;80%&#8221; module_alignment=&#8221;center&#8221; animation_style=&#8221;fade&#8221; disabled=&#8221;on&#8221;]<\/p>\n<h3>Lista pictorilor rom\u00e2ni<\/h3>\n<p>DEX define\u0219te pictorii ca pe &#8222;artistii plastici ce \u00eenf\u0103\u021bi\u0219eaz\u0103 pe hartie, pe panz\u0103, pe pere\u021bi etc. fiin\u021be \u0219i lucruri \u00een culori, \u00een creion sau \u00een c\u0103rbune&#8221;.\u00a0 Noi nu-i definim in nici un fel. Doar vi-i prezent\u0103m cat putem de bine.<\/p>\n<p>[\/et_pb_text][\/et_pb_column][\/et_pb_row][\/et_pb_section][et_pb_section fb_built=&#8221;1&#8243; module_id=&#8221;pictori&#8221; _builder_version=&#8221;3.22.3&#8243; custom_margin=&#8221;0px||0px|&#8221; custom_padding=&#8221;0px||0px|&#8221;][et_pb_row use_custom_gutter=&#8221;on&#8221; gutter_width=&#8221;2&#8243; make_equal=&#8221;on&#8221; admin_label=&#8221;Sectiune pictori&#8221; module_class=&#8221;a-grid-post portrait-grid&#8221; _builder_version=&#8221;3.25&#8243; background_size=&#8221;initial&#8221; background_position=&#8221;top_left&#8221; background_repeat=&#8221;repeat&#8221; max_width=&#8221;80%&#8221; module_alignment=&#8221;center&#8221; custom_padding=&#8221;0px|0px|100px|0px&#8221; use_custom_width=&#8221;on&#8221; width_unit=&#8221;off&#8221;][et_pb_column type=&#8221;4_4&#8243; _builder_version=&#8221;3.25&#8243; custom_padding=&#8221;|||&#8221; custom_padding__hover=&#8221;|||&#8221;][et_pb_text _builder_version=&#8221;3.29.3&#8243;]<\/p>\n<div class=\"et_pb_posts item-grid\">\t\r\n\t<a href=\"https:\/\/alexandra-s.com\/en\/artistii-galeriei\/ana-rus\/\" class=\"entry-featured-image-url\">\r\n\t\t<img loading=\"lazy\" decoding=\"async\" src=\"https:\/\/alexandra-s.com\/wp-content\/uploads\/2024\/10\/diploma-Ana-Rus-400x516.jpg\" alt=\"Ana Rus\" width=\"1080\" height=\"675\">\r\n\t<\/a>\r\n\t<h2 class=\"entry-title\">\r\n\t\t<a href=\"https:\/\/alexandra-s.com\/en\/artistii-galeriei\/ana-rus\/\">Ana Rus<\/a>\r\n\t<\/h2>\t\t\t\t\r\n<\/div><div class=\"et_pb_posts item-grid\">\t\r\n\t<a href=\"https:\/\/alexandra-s.com\/en\/artistii-galeriei\/bogdan-andronic-andronicuss\/\" class=\"entry-featured-image-url\">\r\n\t\t<img loading=\"lazy\" decoding=\"async\" src=\"https:\/\/alexandra-s.com\/wp-content\/uploads\/2024\/11\/foto-400x516.jpg\" alt=\"Bogdan Andronic ANDRONICUSS\" width=\"1080\" height=\"675\">\r\n\t<\/a>\r\n\t<h2 class=\"entry-title\">\r\n\t\t<a href=\"https:\/\/alexandra-s.com\/en\/artistii-galeriei\/bogdan-andronic-andronicuss\/\">Bogdan Andronic ANDRONICUSS<\/a>\r\n\t<\/h2>\t\t\t\t\r\n<\/div><div class=\"et_pb_posts item-grid\">\t\r\n\t<a href=\"https:\/\/alexandra-s.com\/en\/artistii-galeriei\/catalin-geana\/\" class=\"entry-featured-image-url\">\r\n\t\t<img loading=\"lazy\" decoding=\"async\" src=\"https:\/\/alexandra-s.com\/wp-content\/uploads\/2024\/10\/Untitled.jpg\" alt=\"Catalin Geana\" width=\"1080\" height=\"675\">\r\n\t<\/a>\r\n\t<h2 class=\"entry-title\">\r\n\t\t<a href=\"https:\/\/alexandra-s.com\/en\/artistii-galeriei\/catalin-geana\/\">Catalin Geana<\/a>\r\n\t<\/h2>\t\t\t\t\r\n<\/div><div class=\"et_pb_posts item-grid\">\t\r\n\t<a href=\"https:\/\/alexandra-s.com\/en\/artistii-galeriei\/constantin-sinescu\/\" class=\"entry-featured-image-url\">\r\n\t\t<img loading=\"lazy\" decoding=\"async\" src=\"https:\/\/alexandra-s.com\/wp-content\/uploads\/2019\/05\/constantin-sinescu-400x516.jpg\" alt=\"Constantin Sinescu\" width=\"1080\" height=\"675\">\r\n\t<\/a>\r\n\t<h2 class=\"entry-title\">\r\n\t\t<a href=\"https:\/\/alexandra-s.com\/en\/artistii-galeriei\/constantin-sinescu\/\">Constantin Sinescu<\/a>\r\n\t<\/h2>\t\t\t\t\r\n<\/div><div class=\"et_pb_posts item-grid\">\t\r\n\t<a href=\"https:\/\/alexandra-s.com\/en\/artistii-galeriei\/george-iulian-baditescu\/\" class=\"entry-featured-image-url\">\r\n\t\t<img loading=\"lazy\" decoding=\"async\" src=\"https:\/\/alexandra-s.com\/wp-content\/uploads\/2024\/10\/foto-artist-1-400x516.jpg\" alt=\"George-Iulian Baditescu\" width=\"1080\" height=\"675\">\r\n\t<\/a>\r\n\t<h2 class=\"entry-title\">\r\n\t\t<a href=\"https:\/\/alexandra-s.com\/en\/artistii-galeriei\/george-iulian-baditescu\/\">George-Iulian Baditescu<\/a>\r\n\t<\/h2>\t\t\t\t\r\n<\/div><div class=\"et_pb_posts item-grid\">\t\r\n\t<a href=\"https:\/\/alexandra-s.com\/en\/artistii-galeriei\/ionut-stanel-cristea\/\" class=\"entry-featured-image-url\">\r\n\t\t<img loading=\"lazy\" decoding=\"async\" src=\"https:\/\/alexandra-s.com\/wp-content\/uploads\/2024\/10\/foto-artist-400x516.jpg\" alt=\"Ionut Stanel Cristea\" width=\"1080\" height=\"675\">\r\n\t<\/a>\r\n\t<h2 class=\"entry-title\">\r\n\t\t<a href=\"https:\/\/alexandra-s.com\/en\/artistii-galeriei\/ionut-stanel-cristea\/\">Ionut Stanel Cristea<\/a>\r\n\t<\/h2>\t\t\t\t\r\n<\/div><div class=\"et_pb_posts item-grid\">\t\r\n\t<a href=\"https:\/\/alexandra-s.com\/en\/artistii-galeriei\/mugur-florin-popa\/\" class=\"entry-featured-image-url\">\r\n\t\t<img loading=\"lazy\" decoding=\"async\" src=\"https:\/\/alexandra-s.com\/wp-content\/uploads\/2024\/07\/foto-artist-400x516.jpg\" alt=\"Mugur Florin Popa\" width=\"1080\" height=\"675\">\r\n\t<\/a>\r\n\t<h2 class=\"entry-title\">\r\n\t\t<a href=\"https:\/\/alexandra-s.com\/en\/artistii-galeriei\/mugur-florin-popa\/\">Mugur Florin Popa<\/a>\r\n\t<\/h2>\t\t\t\t\r\n<\/div><div class=\"et_pb_posts item-grid\">\t\r\n\t<a href=\"https:\/\/alexandra-s.com\/en\/artistii-galeriei\/nicolae-maniu\/\" class=\"entry-featured-image-url\">\r\n\t\t<img loading=\"lazy\" decoding=\"async\" src=\"https:\/\/alexandra-s.com\/wp-content\/uploads\/2019\/12\/nicolae-maniu-400x402.jpg\" alt=\"Nicolae Maniu\" width=\"1080\" height=\"675\">\r\n\t<\/a>\r\n\t<h2 class=\"entry-title\">\r\n\t\t<a href=\"https:\/\/alexandra-s.com\/en\/artistii-galeriei\/nicolae-maniu\/\">Nicolae Maniu<\/a>\r\n\t<\/h2>\t\t\t\t\r\n<\/div><div class=\"et_pb_posts item-grid\">\t\r\n\t<a href=\"https:\/\/alexandra-s.com\/en\/artistii-galeriei\/eugen-raportoru\/\" class=\"entry-featured-image-url\">\r\n\t\t<img loading=\"lazy\" decoding=\"async\" src=\"https:\/\/alexandra-s.com\/wp-content\/uploads\/2019\/02\/rap-400x516.jpg\" alt=\"Eugen Raportoru\" width=\"1080\" height=\"675\">\r\n\t<\/a>\r\n\t<h2 class=\"entry-title\">\r\n\t\t<a href=\"https:\/\/alexandra-s.com\/en\/artistii-galeriei\/eugen-raportoru\/\">Eugen Raportoru<\/a>\r\n\t<\/h2>\t\t\t\t\r\n<\/div><div class=\"et_pb_posts item-grid\">\t\r\n\t<a href=\"https:\/\/alexandra-s.com\/en\/artistii-galeriei\/kristian-dimofte-kadys\/\" class=\"entry-featured-image-url\">\r\n\t\t<img loading=\"lazy\" decoding=\"async\" src=\"https:\/\/alexandra-s.com\/wp-content\/uploads\/2019\/12\/l-400x516.jpg\" alt=\"Kristian Dimofte Kady&#8217;s\" width=\"1080\" height=\"675\">\r\n\t<\/a>\r\n\t<h2 class=\"entry-title\">\r\n\t\t<a href=\"https:\/\/alexandra-s.com\/en\/artistii-galeriei\/kristian-dimofte-kadys\/\">Kristian Dimofte Kady&#039;s<\/a>\r\n\t<\/h2>\t\t\t\t\r\n<\/div><div class=\"et_pb_posts item-grid\">\t\r\n\t<a href=\"https:\/\/alexandra-s.com\/en\/artistii-galeriei\/dumitru-mihai-glodeanu\/\" class=\"entry-featured-image-url\">\r\n\t\t<img loading=\"lazy\" decoding=\"async\" src=\"https:\/\/alexandra-s.com\/wp-content\/uploads\/2020\/01\/glo-400x516.jpg\" alt=\"Dumitru Mihai Glodeanu\" width=\"1080\" height=\"675\">\r\n\t<\/a>\r\n\t<h2 class=\"entry-title\">\r\n\t\t<a href=\"https:\/\/alexandra-s.com\/en\/artistii-galeriei\/dumitru-mihai-glodeanu\/\">Dumitru Mihai Glodeanu<\/a>\r\n\t<\/h2>\t\t\t\t\r\n<\/div><div class=\"et_pb_posts item-grid\">\t\r\n\t<a href=\"https:\/\/alexandra-s.com\/en\/artistii-galeriei\/marcel-thiele\/\" class=\"entry-featured-image-url\">\r\n\t\t<img loading=\"lazy\" decoding=\"async\" src=\"https:\/\/alexandra-s.com\/wp-content\/uploads\/2018\/05\/th1-1024x683-400x516.jpg\" alt=\"Marcel Thiele\" width=\"1080\" height=\"675\">\r\n\t<\/a>\r\n\t<h2 class=\"entry-title\">\r\n\t\t<a href=\"https:\/\/alexandra-s.com\/en\/artistii-galeriei\/marcel-thiele\/\">Marcel Thiele<\/a>\r\n\t<\/h2>\t\t\t\t\r\n<\/div><div class=\"et_pb_posts item-grid\">\t\r\n\t<a href=\"https:\/\/alexandra-s.com\/en\/artistii-galeriei\/dumitru-macovei\/\" class=\"entry-featured-image-url\">\r\n\t\t<img loading=\"lazy\" decoding=\"async\" src=\"https:\/\/alexandra-s.com\/wp-content\/uploads\/2020\/03\/Clipboard01-400x516.jpg\" alt=\"Dumitru Macovei\" width=\"1080\" height=\"675\">\r\n\t<\/a>\r\n\t<h2 class=\"entry-title\">\r\n\t\t<a href=\"https:\/\/alexandra-s.com\/en\/artistii-galeriei\/dumitru-macovei\/\">Dumitru Macovei<\/a>\r\n\t<\/h2>\t\t\t\t\r\n<\/div>\n<p>[\/et_pb_text][\/et_pb_column][\/et_pb_row][et_pb_row use_custom_gutter=&#8221;on&#8221; gutter_width=&#8221;2&#8243; make_equal=&#8221;on&#8221; admin_label=&#8221;Sectiune butoane alfabet pictori&#8221; module_class=&#8221;a-grid-post portrait-grid&#8221; _builder_version=&#8221;3.29.3&#8243; background_size=&#8221;initial&#8221; background_position=&#8221;top_left&#8221; background_repeat=&#8221;repeat&#8221; max_width=&#8221;80%&#8221; module_alignment=&#8221;center&#8221; custom_padding=&#8221;0px|0px|100px|0px&#8221; use_custom_width=&#8221;on&#8221; width_unit=&#8221;off&#8221;][et_pb_column type=&#8221;4_4&#8243; _builder_version=&#8221;3.25&#8243; custom_padding=&#8221;|||&#8221; custom_padding__hover=&#8221;|||&#8221;][et_pb_text admin_label=&#8221;Lista butoane alfabet&#8221; module_class=&#8221;abc-buttons&#8221; _builder_version=&#8221;3.29.3&#8243;]<\/p>\n<ul>\n<li><a href=\"\/pictori\/lista-pictorilor-romani-semnaturi-pictori-litera\/\">A<\/a><\/li>\n<li><a href=\"\/pictori\/lista-pictorilor-romani-semnaturi-pictori-litera-b\/\">B<\/a><\/li>\n<li><a href=\"\/pictori\/lista-pictorilor-romani-semnaturi-pictori-litera-c\/\">C<\/a><\/li>\n<li><a href=\"\/pictori\/lista-pictorilor-romani-semnaturi-pictori-litera-d\/\">D<\/a><\/li>\n<li><a href=\"\/pictori\/lista-pictorilor-romani-semnaturi-pictori-litera-e\/\">E<\/a><\/li>\n<li><a href=\"\/pictori\/lista-pictorilor-romani-semnaturi-pictori-litera-f\/\">F<\/a><\/li>\n<li><a href=\"\/pictori\/lista-pictorilor-romani-semnaturi-pictori-litera-g\/\">G<\/a><\/li>\n<li><a href=\"\/pictori\/lista-pictorilor-romani-semnaturi-pictori-litera-h\/\">H<\/a><\/li>\n<li><a href=\"\/pictori\/lista-pictorilor-romani-semnaturi-pictori-litera-2\/\">I<\/a><\/li>\n<li><a href=\"\/pictori\/lista-pictorilor-romani-semnaturi-pictori-litera-j\/\">J<\/a><\/li>\n<li><a href=\"\/pictori\/lista-pictorilor-romani-semnaturi-pictori-litera-k\/\">K<\/a><\/li>\n<li><a href=\"\/pictori\/lista-pictorilor-romani-semnaturi-pictori-litera-l\/\">IT<\/a><\/li>\n<li><a href=\"\/pictori\/lista-pictorilor-romani-semnaturi-pictori-litera-m\/\">M<\/a><\/li>\n<li><a href=\"\/pictori\/lista-pictorilor-romani-semnaturi-pictori-litera-n\/\">N<\/a><\/li>\n<li><a href=\"\/pictori\/lista-pictorilor-romani-semnaturi-pictori-litera-o\/\">A<\/a><\/li>\n<li><a href=\"\/pictori\/lista-pictorilor-romani-semnaturi-pictori-litera-p\/\">P<\/a><\/li>\n<li><a href=\"\/pictori\/lista-pictorilor-romani-semnaturi-pictori-litera-r\/\">R<\/a><\/li>\n<li><a href=\"\/pictori\/lista-pictorilor-romani-semnaturi-pictori-litera-s\/\">S<\/a><\/li>\n<li><a href=\"\/pictori\/lista-pictorilor-romani-semnaturi-pictori-litera-t\/\">T<\/a><\/li>\n<li><a href=\"\/pictori\/lista-pictorilor-romani-semnaturi-pictori-litera-u\/\">U<\/a><\/li>\n<li><a href=\"\/pictori\/lista-pictorilor-romani-semnaturi-pictori-litera-v\/\">V<\/a><\/li>\n<li><a href=\"\/pictori\/lista-pictorilor-romani-semnaturi-pictori-litera-w\/\">W<\/a><\/li>\n<li><a href=\"\/pictori\/lista-pictorilor-romani-semnaturi-pictori-litera-x\/\">X<\/a><\/li>\n<li><a href=\"\/pictori\/lista-pictorilor-romani-semnaturi-pictori-litera-y\/\">Y<\/a><\/li>\n<li><a href=\"\/pictori\/lista-pictorilor-romani-semnaturi-pictori-litera-z\/\">Z<\/a><\/li>\n<\/ul>\n<p>[\/et_pb_text][\/et_pb_column][\/et_pb_row][et_pb_row use_custom_gutter=&#8221;on&#8221; gutter_width=&#8221;2&#8243; make_equal=&#8221;on&#8221; admin_label=&#8221;Reclama&#8221; module_class=&#8221;a-grid-post portrait-grid&#8221; _builder_version=&#8221;3.25&#8243; background_size=&#8221;initial&#8221; background_position=&#8221;top_left&#8221; background_repeat=&#8221;repeat&#8221; max_width=&#8221;80%&#8221; module_alignment=&#8221;center&#8221; custom_padding=&#8221;0px|0px|100px|0px&#8221; use_custom_width=&#8221;on&#8221; width_unit=&#8221;off&#8221;][et_pb_column type=&#8221;4_4&#8243; _builder_version=&#8221;3.25&#8243; custom_padding=&#8221;|||&#8221; custom_padding__hover=&#8221;|||&#8221;][et_pb_image src=&#8221;https:\/\/alexandra-s.com\/wp-content\/uploads\/2019\/04\/banner-magzin-alexandra-s.jpg&#8221; url=&#8221;\/magazin&#8221; align_tablet=&#8221;center&#8221; align_phone=&#8221;&#8221; align_last_edited=&#8221;on|desktop&#8221; _builder_version=&#8221;3.23.3&#8243; custom_margin=&#8221;40px||80px&#8221; global_module=&#8221;10494&#8243;][\/et_pb_image][\/et_pb_column][\/et_pb_row][\/et_pb_section]<\/p>","protected":false},"excerpt":{"rendered":"<p>Arti\u015ftii galeriei descoper\u0103Lista pictorilor rom\u00e2ni DEX define\u0219te pictorii ca pe &#8222;artistii plastici ce \u00eenf\u0103\u021bi\u0219eaz\u0103 pe hartie, pe panz\u0103, pe pere\u021bi etc. fiin\u021be \u0219i lucruri \u00een culori, \u00een creion sau \u00een c\u0103rbune&#8221;.\u00a0 Noi nu-i definim in nici un fel. Doar vi-i prezent\u0103m cat putem de bine.<div class=\"et_pb_posts item-grid\">\t\r\n\t<a href=\"https:\/\/alexandra-s.com\/en\/artistii-galeriei\/ana-rus\/\" class=\"entry-featured-image-url\">\r\n\t\t<img loading=\"lazy\" decoding=\"async\" src=\"https:\/\/alexandra-s.com\/wp-content\/uploads\/2024\/10\/diploma-Ana-Rus-400x516.jpg\" alt=\"Ana Rus\" width=\"1080\" height=\"675\">\r\n\t<\/a>\r\n\t<h2 class=\"entry-title\">\r\n\t\t<a href=\"https:\/\/alexandra-s.com\/en\/artistii-galeriei\/ana-rus\/\">Ana Rus<\/a>\r\n\t<\/h2>\t\t\t\t\r\n<\/div><div class=\"et_pb_posts item-grid\">\t\r\n\t<a href=\"https:\/\/alexandra-s.com\/en\/artistii-galeriei\/bogdan-andronic-andronicuss\/\" class=\"entry-featured-image-url\">\r\n\t\t<img loading=\"lazy\" decoding=\"async\" src=\"https:\/\/alexandra-s.com\/wp-content\/uploads\/2024\/11\/foto-400x516.jpg\" alt=\"Bogdan Andronic ANDRONICUSS\" width=\"1080\" height=\"675\">\r\n\t<\/a>\r\n\t<h2 class=\"entry-title\">\r\n\t\t<a href=\"https:\/\/alexandra-s.com\/en\/artistii-galeriei\/bogdan-andronic-andronicuss\/\">Bogdan Andronic ANDRONICUSS<\/a>\r\n\t<\/h2>\t\t\t\t\r\n<\/div><div class=\"et_pb_posts item-grid\">\t\r\n\t<a href=\"https:\/\/alexandra-s.com\/en\/artistii-galeriei\/catalin-geana\/\" class=\"entry-featured-image-url\">\r\n\t\t<img loading=\"lazy\" decoding=\"async\" src=\"https:\/\/alexandra-s.com\/wp-content\/uploads\/2024\/10\/Untitled.jpg\" alt=\"Catalin Geana\" width=\"1080\" height=\"675\">\r\n\t<\/a>\r\n\t<h2 class=\"entry-title\">\r\n\t\t<a href=\"https:\/\/alexandra-s.com\/en\/artistii-galeriei\/catalin-geana\/\">Catalin Geana<\/a>\r\n\t<\/h2>\t\t\t\t\r\n<\/div><div class=\"et_pb_posts item-grid\">\t\r\n\t<a href=\"https:\/\/alexandra-s.com\/en\/artistii-galeriei\/constantin-sinescu\/\" class=\"entry-featured-image-url\">\r\n\t\t<img loading=\"lazy\" decoding=\"async\" src=\"https:\/\/alexandra-s.com\/wp-content\/uploads\/2019\/05\/constantin-sinescu-400x516.jpg\" alt=\"Constantin Sinescu\" width=\"1080\" height=\"675\">\r\n\t<\/a>\r\n\t<h2 class=\"entry-title\">\r\n\t\t<a href=\"https:\/\/alexandra-s.com\/en\/artistii-galeriei\/constantin-sinescu\/\">Constantin Sinescu<\/a>\r\n\t<\/h2>\t\t\t\t\r\n<\/div><div class=\"et_pb_posts item-grid\">\t\r\n\t<a href=\"https:\/\/alexandra-s.com\/en\/artistii-galeriei\/george-iulian-baditescu\/\" class=\"entry-featured-image-url\">\r\n\t\t<img loading=\"lazy\" decoding=\"async\" src=\"https:\/\/alexandra-s.com\/wp-content\/uploads\/2024\/10\/foto-artist-1-400x516.jpg\" alt=\"George-Iulian Baditescu\" width=\"1080\" height=\"675\">\r\n\t<\/a>\r\n\t<h2 class=\"entry-title\">\r\n\t\t<a href=\"https:\/\/alexandra-s.com\/en\/artistii-galeriei\/george-iulian-baditescu\/\">George-Iulian Baditescu<\/a>\r\n\t<\/h2>\t\t\t\t\r\n<\/div><div class=\"et_pb_posts item-grid\">\t\r\n\t<a href=\"https:\/\/alexandra-s.com\/en\/artistii-galeriei\/ionut-stanel-cristea\/\" class=\"entry-featured-image-url\">\r\n\t\t<img loading=\"lazy\" decoding=\"async\" src=\"https:\/\/alexandra-s.com\/wp-content\/uploads\/2024\/10\/foto-artist-400x516.jpg\" alt=\"Ionut Stanel Cristea\" width=\"1080\" height=\"675\">\r\n\t<\/a>\r\n\t<h2 class=\"entry-title\">\r\n\t\t<a href=\"https:\/\/alexandra-s.com\/en\/artistii-galeriei\/ionut-stanel-cristea\/\">Ionut Stanel Cristea<\/a>\r\n\t<\/h2>\t\t\t\t\r\n<\/div><div class=\"et_pb_posts item-grid\">\t\r\n\t<a href=\"https:\/\/alexandra-s.com\/en\/artistii-galeriei\/mugur-florin-popa\/\" class=\"entry-featured-image-url\">\r\n\t\t<img loading=\"lazy\" decoding=\"async\" src=\"https:\/\/alexandra-s.com\/wp-content\/uploads\/2024\/07\/foto-artist-400x516.jpg\" alt=\"Mugur Florin Popa\" width=\"1080\" height=\"675\">\r\n\t<\/a>\r\n\t<h2 class=\"entry-title\">\r\n\t\t<a href=\"https:\/\/alexandra-s.com\/en\/artistii-galeriei\/mugur-florin-popa\/\">Mugur Florin Popa<\/a>\r\n\t<\/h2>\t\t\t\t\r\n<\/div><div class=\"et_pb_posts item-grid\">\t\r\n\t<a href=\"https:\/\/alexandra-s.com\/en\/artistii-galeriei\/nicolae-maniu\/\" class=\"entry-featured-image-url\">\r\n\t\t<img loading=\"lazy\" decoding=\"async\" src=\"https:\/\/alexandra-s.com\/wp-content\/uploads\/2019\/12\/nicolae-maniu-400x402.jpg\" alt=\"Nicolae Maniu\" width=\"1080\" height=\"675\">\r\n\t<\/a>\r\n\t<h2 class=\"entry-title\">\r\n\t\t<a href=\"https:\/\/alexandra-s.com\/en\/artistii-galeriei\/nicolae-maniu\/\">Nicolae Maniu<\/a>\r\n\t<\/h2>\t\t\t\t\r\n<\/div><div class=\"et_pb_posts item-grid\">\t\r\n\t<a href=\"https:\/\/alexandra-s.com\/en\/artistii-galeriei\/eugen-raportoru\/\" class=\"entry-featured-image-url\">\r\n\t\t<img loading=\"lazy\" decoding=\"async\" src=\"https:\/\/alexandra-s.com\/wp-content\/uploads\/2019\/02\/rap-400x516.jpg\" alt=\"Eugen Raportoru\" width=\"1080\" height=\"675\">\r\n\t<\/a>\r\n\t<h2 class=\"entry-title\">\r\n\t\t<a href=\"https:\/\/alexandra-s.com\/en\/artistii-galeriei\/eugen-raportoru\/\">Eugen Raportoru<\/a>\r\n\t<\/h2>\t\t\t\t\r\n<\/div><div class=\"et_pb_posts item-grid\">\t\r\n\t<a href=\"https:\/\/alexandra-s.com\/en\/artistii-galeriei\/kristian-dimofte-kadys\/\" class=\"entry-featured-image-url\">\r\n\t\t<img loading=\"lazy\" decoding=\"async\" src=\"https:\/\/alexandra-s.com\/wp-content\/uploads\/2019\/12\/l-400x516.jpg\" alt=\"Kristian Dimofte Kady&#8217;s\" width=\"1080\" height=\"675\">\r\n\t<\/a>\r\n\t<h2 class=\"entry-title\">\r\n\t\t<a href=\"https:\/\/alexandra-s.com\/en\/artistii-galeriei\/kristian-dimofte-kadys\/\">Kristian Dimofte Kady&#039;s<\/a>\r\n\t<\/h2>\t\t\t\t\r\n<\/div><div class=\"et_pb_posts item-grid\">\t\r\n\t<a href=\"https:\/\/alexandra-s.com\/en\/artistii-galeriei\/dumitru-mihai-glodeanu\/\" class=\"entry-featured-image-url\">\r\n\t\t<img loading=\"lazy\" decoding=\"async\" src=\"https:\/\/alexandra-s.com\/wp-content\/uploads\/2020\/01\/glo-400x516.jpg\" alt=\"Dumitru Mihai Glodeanu\" width=\"1080\" height=\"675\">\r\n\t<\/a>\r\n\t<h2 class=\"entry-title\">\r\n\t\t<a href=\"https:\/\/alexandra-s.com\/en\/artistii-galeriei\/dumitru-mihai-glodeanu\/\">Dumitru Mihai Glodeanu<\/a>\r\n\t<\/h2>\t\t\t\t\r\n<\/div><div class=\"et_pb_posts item-grid\">\t\r\n\t<a href=\"https:\/\/alexandra-s.com\/en\/artistii-galeriei\/marcel-thiele\/\" class=\"entry-featured-image-url\">\r\n\t\t<img loading=\"lazy\" decoding=\"async\" src=\"https:\/\/alexandra-s.com\/wp-content\/uploads\/2018\/05\/th1-1024x683-400x516.jpg\" alt=\"Marcel Thiele\" width=\"1080\" height=\"675\">\r\n\t<\/a>\r\n\t<h2 class=\"entry-title\">\r\n\t\t<a href=\"https:\/\/alexandra-s.com\/en\/artistii-galeriei\/marcel-thiele\/\">Marcel Thiele<\/a>\r\n\t<\/h2>\t\t\t\t\r\n<\/div><div class=\"et_pb_posts item-grid\">\t\r\n\t<a href=\"https:\/\/alexandra-s.com\/en\/artistii-galeriei\/dumitru-macovei\/\" class=\"entry-featured-image-url\">\r\n\t\t<img loading=\"lazy\" decoding=\"async\" src=\"https:\/\/alexandra-s.com\/wp-content\/uploads\/2020\/03\/Clipboard01-400x516.jpg\" alt=\"Dumitru Macovei\" width=\"1080\" height=\"675\">\r\n\t<\/a>\r\n\t<h2 class=\"entry-title\">\r\n\t\t<a href=\"https:\/\/alexandra-s.com\/en\/artistii-galeriei\/dumitru-macovei\/\">Dumitru Macovei<\/a>\r\n\t<\/h2>\t\t\t\t\r\n<\/div> A B [&hellip;]<\/p>","protected":false},"author":2,"featured_media":0,"parent":0,"menu_order":0,"comment_status":"closed","ping_status":"closed","template":"","meta":{"_et_pb_use_builder":"on","_et_pb_old_content":"","_et_gb_content_width":"","footnotes":""},"_links":{"self":[{"href":"https:\/\/alexandra-s.com\/en\/wp-json\/wp\/v2\/pages\/11943"}],"collection":[{"href":"https:\/\/alexandra-s.com\/en\/wp-json\/wp\/v2\/pages"}],"about":[{"href":"https:\/\/alexandra-s.com\/en\/wp-json\/wp\/v2\/types\/page"}],"author":[{"embeddable":true,"href":"https:\/\/alexandra-s.com\/en\/wp-json\/wp\/v2\/users\/2"}],"replies":[{"embeddable":true,"href":"https:\/\/alexandra-s.com\/en\/wp-json\/wp\/v2\/comments?post=11943"}],"version-history":[{"count":10,"href":"https:\/\/alexandra-s.com\/en\/wp-json\/wp\/v2\/pages\/11943\/revisions"}],"predecessor-version":[{"id":13739,"href":"https:\/\/alexandra-s.com\/en\/wp-json\/wp\/v2\/pages\/11943\/revisions\/13739"}],"wp:attachment":[{"href":"https:\/\/alexandra-s.com\/en\/wp-json\/wp\/v2\/media?parent=11943"}],"curies":[{"name":"wp","href":"https:\/\/api.w.org\/{rel}","templated":true}]}}